{"id":1036,"date":"2025-01-09T10:08:12","date_gmt":"2025-01-09T09:08:12","guid":{"rendered":"https:\/\/avava.center\/?page_id=1036"},"modified":"2025-10-30T15:14:53","modified_gmt":"2025-10-30T14:14:53","slug":"serviciu-de-salarizare","status":"publish","type":"page","link":"https:\/\/avava.center\/ro\/service-de-paie\/","title":{"rendered":"Departamentul de salarizare"},"content":{"rendered":"<div data-elementor-type=\"wp-page\" data-elementor-id=\"1036\" class=\"elementor elementor-1036\" data-elementor-post-type=\"page\">\n\t\t\t\t<div data-particle_enable=\"false\" data-particle-mobile-disabled=\"false\" class=\"elementor-element elementor-element-09b66bc e-flex e-con-boxed e-con e-parent\" data-id=\"09b66bc\" data-element_type=\"container\" data-e-type=\"container\" data-settings=\"{&quot;background_background&quot;:&quot;classic&quot;}\">\n\t\t\t\t\t<div class=\"e-con-inner\">\n\t\t<div data-particle_enable=\"false\" data-particle-mobile-disabled=\"false\" class=\"elementor-element elementor-element-b909ba6 e-con-full e-flex e-con e-child\" data-id=\"b909ba6\" data-element_type=\"container\" data-e-type=\"container\">\n\t\t<div data-particle_enable=\"false\" data-particle-mobile-disabled=\"false\" class=\"elementor-element elementor-element-ecbf86b e-con-full e-flex e-con e-child\" data-id=\"ecbf86b\" data-element_type=\"container\" data-e-type=\"container\">\n\t\t<div data-particle_enable=\"false\" data-particle-mobile-disabled=\"false\" class=\"elementor-element elementor-element-bb215bd e-con-full e-flex elementor-invisible e-con e-child\" data-id=\"bb215bd\" data-element_type=\"container\" data-e-type=\"container\" data-settings=\"{&quot;animation&quot;:&quot;fadeInLeft&quot;}\">\n\t\t\t\t<div class=\"elementor-element elementor-element-f3662c6 elementor-widget elementor-widget-heading\" data-id=\"f3662c6\" data-element_type=\"widget\" data-e-type=\"widget\" data-widget_type=\"heading.default\">\n\t\t\t\t<div class=\"elementor-widget-container\">\n\t\t\t\t\t<h1 class=\"elementor-heading-title elementor-size-default\">Departamentul de salarizare<\/h1>\t\t\t\t<\/div>\n\t\t\t\t<\/div>\n\t\t\t\t<div class=\"elementor-element elementor-element-1ea5c72 elementor-widget-divider--view-line elementor-widget elementor-widget-divider\" data-id=\"1ea5c72\" data-element_type=\"widget\" data-e-type=\"widget\" data-widget_type=\"divider.default\">\n\t\t\t\t<div class=\"elementor-widget-container\">\n\t\t\t\t\t\t\t<div class=\"elementor-divider\">\n\t\t\t<span class=\"elementor-divider-separator\">\n\t\t\t\t\t\t<\/span>\n\t\t<\/div>\n\t\t\t\t\t\t<\/div>\n\t\t\t\t<\/div>\n\t\t\t\t<div class=\"elementor-element elementor-element-9f3736e elementor-widget elementor-widget-heading\" data-id=\"9f3736e\" data-element_type=\"widget\" data-e-type=\"widget\" data-widget_type=\"heading.default\">\n\t\t\t\t<div class=\"elementor-widget-container\">\n\t\t\t\t\t<h2 class=\"elementor-heading-title elementor-size-default\">Centrul dvs. de afaceri ideal pentru \u00eentreprinderi mici \u0219i start-up-uri<\/h2>\t\t\t\t<\/div>\n\t\t\t\t<\/div>\n\t\t\t\t<div class=\"elementor-element elementor-element-8974641 elementor-align-left elementor-widget elementor-widget-button\" data-id=\"8974641\" data-element_type=\"widget\" data-e-type=\"widget\" data-widget_type=\"button.default\">\n\t\t\t\t<div class=\"elementor-widget-container\">\n\t\t\t\t\t\t\t\t\t<div class=\"elementor-button-wrapper\">\n\t\t\t\t\t<a class=\"elementor-button elementor-button-link elementor-size-sm elementor-animation-grow\" href=\"#scroll\">\n\t\t\t\t\t\t<span class=\"elementor-button-content-wrapper\">\n\t\t\t\t\t\t\t\t\t<span class=\"elementor-button-text\">Afla\u021bi mai multe<\/span>\n\t\t\t\t\t<\/span>\n\t\t\t\t\t<\/a>\n\t\t\t\t<\/div>\n\t\t\t\t\t\t\t\t<\/div>\n\t\t\t\t<\/div>\n\t\t\t\t<\/div>\n\t\t<div data-particle_enable=\"false\" data-particle-mobile-disabled=\"false\" class=\"elementor-element elementor-element-6a03d6f e-con-full elementor-hidden-tablet elementor-hidden-mobile e-flex elementor-invisible e-con e-child\" data-id=\"6a03d6f\" data-element_type=\"container\" data-e-type=\"container\" data-settings=\"{&quot;animation&quot;:&quot;fadeInRight&quot;}\">\n\t\t\t\t<div class=\"elementor-element elementor-element-32a971a elementor-hidden-mobile elementor-widget elementor-widget-image\" data-id=\"32a971a\" data-element_type=\"widget\" data-e-type=\"widget\" data-settings=\"{&quot;motion_fx_motion_fx_mouse&quot;:&quot;yes&quot;,&quot;motion_fx_mouseTrack_effect&quot;:&quot;yes&quot;,&quot;motion_fx_mouseTrack_speed&quot;:{&quot;unit&quot;:&quot;px&quot;,&quot;size&quot;:0.1,&quot;sizes&quot;:[]}}\" data-widget_type=\"image.default\">\n\t\t\t\t<div class=\"elementor-widget-container\">\n\t\t\t\t\t\t\t\t\t\t\t\t\t\t\t<img fetchpriority=\"high\" decoding=\"async\" width=\"656\" height=\"216\" src=\"https:\/\/avava.center\/wp-content\/uploads\/logo-avava-png-YNqJVOXevwCRExqn.avif\" class=\"attachment-large size-large wp-image-306\" alt=\"avava\" title=\"\">\t\t\t\t\t\t\t\t\t\t\t\t\t\t\t<\/div>\n\t\t\t\t<\/div>\n\t\t\t\t<\/div>\n\t\t\t\t<\/div>\n\t\t\t\t<\/div>\n\t\t\t\t\t<\/div>\n\t\t\t\t<\/div>\n\t\t<div data-particle_enable=\"false\" data-particle-mobile-disabled=\"false\" class=\"elementor-element elementor-element-1913723 e-con-full e-flex e-con e-parent\" data-id=\"1913723\" data-element_type=\"container\" data-e-type=\"container\" id=\"scroll\">\n\t\t\t\t<div class=\"elementor-element elementor-element-0a5e412 elementor-widget elementor-widget-theme-site-logo elementor-widget-image\" data-id=\"0a5e412\" data-element_type=\"widget\" data-e-type=\"widget\" data-widget_type=\"theme-site-logo.default\">\n\t\t\t\t<div class=\"elementor-widget-container\">\n\t\t\t\t\t\t\t\t\t\t\t<a href=\"https:\/\/avava.center\/ro\">\n\t\t\t<img decoding=\"async\" width=\"656\" height=\"216\" src=\"https:\/\/avava.center\/wp-content\/uploads\/logo-avava-png-YNqJVOXevwCRExqn.avif\" class=\"attachment-full size-full wp-image-306\" alt=\"avava\" title=\"\">\t\t\t\t<\/a>\n\t\t\t\t\t\t\t\t\t\t\t<\/div>\n\t\t\t\t<\/div>\n\t\t\t\t<div class=\"elementor-element elementor-element-e9b9008 elementor-widget-divider--view-line elementor-widget elementor-widget-divider\" data-id=\"e9b9008\" data-element_type=\"widget\" data-e-type=\"widget\" data-widget_type=\"divider.default\">\n\t\t\t\t<div class=\"elementor-widget-container\">\n\t\t\t\t\t\t\t<div class=\"elementor-divider\">\n\t\t\t<span class=\"elementor-divider-separator\">\n\t\t\t\t\t\t<\/span>\n\t\t<\/div>\n\t\t\t\t\t\t<\/div>\n\t\t\t\t<\/div>\n\t\t\t\t<div class=\"elementor-element elementor-element-23f2c2f elementor-widget elementor-widget-text-editor\" data-id=\"23f2c2f\" data-element_type=\"widget\" data-e-type=\"widget\" data-widget_type=\"text-editor.default\">\n\t\t\t\t<div class=\"elementor-widget-container\">\n\t\t\t\t\t\t\t\t\t<p><strong>Servicii<\/strong><\/p><p>\u00cen\u021belegem c\u0103 gestionarea salariz\u0103rii este o sarcin\u0103 complex\u0103, care necesit\u0103 competen\u021be de specialitate, \u0219i c\u0103 poate fi plictisitoare pentru multe \u00eentreprinderi. Noi \u00een\u021belegem acest lucru, <strong>AVAVA HR<\/strong> ofer\u0103 companiilor belgiene solu\u021bii de salarizare adaptate la nevoile specifice ale directorilor, managerilor \u0219i partenerilor activi, precum \u0219i ale angaja\u021bilor \u0219i personalului, atunci c\u00e2nd este necesar pentru organiza\u021bie.<\/p><p><strong>Management administrativ<\/strong><\/p><p><strong>AVAVA HR<\/strong> se ocup\u0103 de toate procedurile administrative implicate \u00een gestionarea personalului: de la recrutare, crearea contractelor de munc\u0103, calcularea fi\u0219elor de plat\u0103 \u0219i gestionarea declara\u021biilor de securitate social\u0103, p\u00e2n\u0103 la obliga\u021biile recurente legate de personal.<\/p><p>Noi oferim :<br \/>- Responsabilitate deplin\u0103 pentru toate formalit\u0103\u021bile de securitate social\u0103; ;<br \/>- Urm\u0103rire personalizat\u0103, receptiv\u0103; ;<br \/>- expertiz\u0103 profesional\u0103 care respect\u0103 standardele legale \u0219i a\u0219tept\u0103rile companiei.<\/p><p><strong>Asisten\u021b\u0103 juridic\u0103 HR<\/strong><\/p><p>Informa\u021bii suplimentare, <strong>AVAVA HR<\/strong> asigur\u0103, de asemenea <strong>sprijin juridic pentru rela\u021biile de munc\u0103<\/strong>, inclusiv :<br \/>- Elaborarea \u0219i adaptarea <strong>contracte de munc\u0103<\/strong> (gulere albastre, gulere albe, manageri \u0219i executivi);<br \/>- Elaborarea sau actualizarea <strong>norme de lucru<\/strong> ;<br \/>- Gestionarea actelor, procedurilor \u0219i documentelor cu impact social (avertismente, rezilieri, anexe contractuale, politici interne etc.).<br \/>Aceste servicii garanteaz\u0103 conformitatea juridic\u0103 \u0219i protejeaz\u0103 angajatorii \u00eempotriva riscurilor sociale \u0219i juridice.<\/p><p><strong>Resurse umane \u0219i conformitate medical\u0103<\/strong><\/p><p>Consultan\u021bii no\u0219tri \u00een resurse umane sunt sensibili la realit\u0103\u021bile din domeniu (construc\u021bii, transport, hoteluri \u0219i catering etc.) \u0219i v\u0103 pot ajuta s\u0103 face\u021bi alegeri strategice \u0219i opera\u021bionale:<br \/>- Recrutarea, selec\u021bia \u0219i integrarea personalului ;<br \/>- Optimizarea politicilor de remunerare \u0219i a costurilor for\u021bei de munc\u0103 ;<br \/>- Asisten\u021b\u0103 strategic\u0103 \u00een domeniul resurselor umane.<\/p><p><strong>S\u0103n\u0103tate \u0219i siguran\u021b\u0103 la locul de munc\u0103<\/strong><\/p><p>Avem parteneriate puternice cu servicii recunoscute de medicina muncii, inclusiv <strong>MENSURA<\/strong>, Expertiza companiei se bazeaz\u0103 pe capacitatea sa de a \u00eendeplini cele mai stricte cerin\u021be \u00een ceea ce prive\u0219te prevenirea, examin\u0103rile medicale, certificarea la locul de munc\u0103 \u0219i conformitatea juridic\u0103.<\/p><p><strong>Protec\u021bie \u0219i asigurare<\/strong><\/p><p>Pentru acoperire pentru manageri \u0219i angaja\u021bi, <strong>AVAVA HR<\/strong> func\u021bioneaz\u0103 cu <strong>Asigur\u0103ri P&amp;V<\/strong>, un lider bine stabilit \u00een Belgia, pentru a garanta solu\u021bii de asigurare care reflect\u0103 riscurile reale de pe teren.<\/p><p>\u00a0<\/p><p>Prin alegerea <strong>AVAVA HR<\/strong>, \u00cen conformitate cu termenii acordului nostru, ne da\u021bi mandat s\u0103 gestion\u0103m toate formalit\u0103\u021bile administrative obligatorii legate de salarizare, dreptul muncii \u0219i personal, eliber\u00e2ndu-v\u0103 de aceste constr\u00e2ngeri \u0219i f\u0103c\u00e2nd afacerea dumneavoastr\u0103 mai sigur\u0103 \u00een ceea ce prive\u0219te <strong>juridice, sociale \u0219i fiscale<\/strong>.<\/p>\t\t\t\t\t\t\t\t<\/div>\n\t\t\t\t<\/div>\n\t\t\t\t<\/div>\n\t\t<div data-particle_enable=\"false\" data-particle-mobile-disabled=\"false\" class=\"elementor-element elementor-element-a6fbf53 e-con-full e-flex e-con e-parent\" data-id=\"a6fbf53\" data-element_type=\"container\" data-e-type=\"container\" data-settings=\"{&quot;background_background&quot;:&quot;gradient&quot;}\">\n\t\t<div data-particle_enable=\"false\" data-particle-mobile-disabled=\"false\" class=\"elementor-element elementor-element-b05d7ee e-con-full e-flex e-con e-child\" data-id=\"b05d7ee\" data-element_type=\"container\" data-e-type=\"container\">\n\t\t\t\t<div class=\"elementor-element elementor-element-d7d0978 elementor-widget elementor-widget-heading\" data-id=\"d7d0978\" data-element_type=\"widget\" data-e-type=\"widget\" data-widget_type=\"heading.default\">\n\t\t\t\t<div class=\"elementor-widget-container\">\n\t\t\t\t\t<h4 class=\"elementor-heading-title elementor-size-default\">Totul este preg\u0103tit s\u0103 v\u0103 \u00eent\u00e2mpine\n<\/h4>\t\t\t\t<\/div>\n\t\t\t\t<\/div>\n\t\t\t\t<div class=\"elementor-element elementor-element-2473c88 elementor-widget elementor-widget-text-editor\" data-id=\"2473c88\" data-element_type=\"widget\" data-e-type=\"widget\" data-widget_type=\"text-editor.default\">\n\t\t\t\t<div class=\"elementor-widget-container\">\n\t\t\t\t\t\t\t\t\t<p data-start=\"760\" data-end=\"985\">\u00cen Drogenbos \u0219i Anderlecht, AVAVA v\u0103 ofer\u0103 toate serviciile de care ave\u021bi nevoie pentru afacerea dumneavoastr\u0103: domiciliere, afiliere, licen\u021be, birouri \u0219i s\u0103li de \u00eent\u00e2lnire. Acces facil \u0219i parcare la fa\u021ba locului.<\/p>\t\t\t\t\t\t\t\t<\/div>\n\t\t\t\t<\/div>\n\t\t\t\t<\/div>\n\t\t<div data-particle_enable=\"false\" data-particle-mobile-disabled=\"false\" class=\"elementor-element elementor-element-c7aeb13 e-con-full e-flex e-con e-child\" data-id=\"c7aeb13\" data-element_type=\"container\" data-e-type=\"container\">\n\t\t\t\t<div class=\"elementor-element elementor-element-4a58811 elementor-widget elementor-widget-button\" data-id=\"4a58811\" data-element_type=\"widget\" data-e-type=\"widget\" data-widget_type=\"button.default\">\n\t\t\t\t<div class=\"elementor-widget-container\">\n\t\t\t\t\t\t\t\t\t<div class=\"elementor-button-wrapper\">\n\t\t\t\t\t<a class=\"elementor-button elementor-button-link elementor-size-sm elementor-animation-grow\" href=\"https:\/\/avava.center\/ro\/centru-de-afaceri\/#drogenbos\" target=\"_blank\">\n\t\t\t\t\t\t<span class=\"elementor-button-content-wrapper\">\n\t\t\t\t\t\t\t\t\t<span class=\"elementor-button-text\">DROGENBOS<\/span>\n\t\t\t\t\t<\/span>\n\t\t\t\t\t<\/a>\n\t\t\t\t<\/div>\n\t\t\t\t\t\t\t\t<\/div>\n\t\t\t\t<\/div>\n\t\t\t\t<div class=\"elementor-element elementor-element-4444479 elementor-widget elementor-widget-button\" data-id=\"4444479\" data-element_type=\"widget\" data-e-type=\"widget\" data-widget_type=\"button.default\">\n\t\t\t\t<div class=\"elementor-widget-container\">\n\t\t\t\t\t\t\t\t\t<div class=\"elementor-button-wrapper\">\n\t\t\t\t\t<a class=\"elementor-button elementor-button-link elementor-size-sm elementor-animation-grow\" href=\"https:\/\/avava.center\/ro\/centru-de-afaceri\/#anderlecht\" target=\"_blank\">\n\t\t\t\t\t\t<span class=\"elementor-button-content-wrapper\">\n\t\t\t\t\t\t\t\t\t<span class=\"elementor-button-text\">ANDERLECHT<\/span>\n\t\t\t\t\t<\/span>\n\t\t\t\t\t<\/a>\n\t\t\t\t<\/div>\n\t\t\t\t\t\t\t\t<\/div>\n\t\t\t\t<\/div>\n\t\t\t\t<\/div>\n\t\t\t\t<\/div>\n\t\t\t\t<\/div>","protected":false},"excerpt":{"rendered":"<p>Service de paie Votre Centre d&rsquo;Affaires Id\u00e9al pour Petites Entreprises et Startups En savoir plus Accueil des Services Nous comprenons que la gestion de la paie est une t\u00e2che complexe, n\u00e9cessitant des comp\u00e9tences sp\u00e9cialis\u00e9es, et qu\u2019elle peut s\u2019av\u00e9rer fastidieuse pour de nombreuses entreprises. Conscients de cette r\u00e9alit\u00e9, AVAVA HR propose aux entreprises belges des solutions [&hellip;]<\/p>\n","protected":false},"author":1,"featured_media":323,"parent":0,"menu_order":0,"comment_status":"closed","ping_status":"closed","template":"","meta":{"_eb_attr":"","footnotes":""},"class_list":["post-1036","page","type-page","status-publish","has-post-thumbnail","hentry"],"_links":{"self":[{"href":"https:\/\/avava.center\/ro\/wp-json\/wp\/v2\/pages\/1036","targetHints":{"allow":["GET"]}}],"collection":[{"href":"https:\/\/avava.center\/ro\/wp-json\/wp\/v2\/pages"}],"about":[{"href":"https:\/\/avava.center\/ro\/wp-json\/wp\/v2\/types\/page"}],"author":[{"embeddable":true,"href":"https:\/\/avava.center\/ro\/wp-json\/wp\/v2\/users\/1"}],"replies":[{"embeddable":true,"href":"https:\/\/avava.center\/ro\/wp-json\/wp\/v2\/comments?post=1036"}],"version-history":[{"count":22,"href":"https:\/\/avava.center\/ro\/wp-json\/wp\/v2\/pages\/1036\/revisions"}],"predecessor-version":[{"id":2019,"href":"https:\/\/avava.center\/ro\/wp-json\/wp\/v2\/pages\/1036\/revisions\/2019"}],"wp:featuredmedia":[{"embeddable":true,"href":"https:\/\/avava.center\/ro\/wp-json\/wp\/v2\/media\/323"}],"wp:attachment":[{"href":"https:\/\/avava.center\/ro\/wp-json\/wp\/v2\/media?parent=1036"}],"curies":[{"name":"wp","href":"https:\/\/api.w.org\/{rel}","templated":true}]}}